{"id":1457,"date":"2024-06-19T18:02:36","date_gmt":"2024-06-19T16:02:36","guid":{"rendered":"https:\/\/cartel-claims.com\/politica-de-privacidad\/"},"modified":"2026-01-26T11:34:37","modified_gmt":"2026-01-26T09:34:37","slug":"politica-de-privacidad","status":"publish","type":"page","link":"https:\/\/cartel-claims.com\/es\/politica-de-privacidad\/","title":{"rendered":"Pol\u00edtica de Privacidad"},"content":{"rendered":"\t\t<div data-elementor-type=\"wp-page\" data-elementor-id=\"1457\" class=\"elementor elementor-1457 elementor-790\" data-elementor-post-type=\"page\">\n\t\t\t\t<div class=\"elementor-element elementor-element-3f96cd8 e-flex e-con-boxed e-con e-parent\" data-id=\"3f96cd8\" data-element_type=\"container\">\n\t\t\t\t\t<div class=\"e-con-inner\">\n\t\t\t\t<div class=\"elementor-element elementor-element-fdfc500 elementor-widget elementor-widget-heading\" data-id=\"fdfc500\" data-element_type=\"widget\" data-widget_type=\"heading.default\">\n\t\t\t\t<div class=\"elementor-widget-container\">\n\t\t\t<style>\/*! elementor - v3.23.0 - 05-08-2024 *\/\n.elementor-heading-title{padding:0;margin:0;line-height:1}.elementor-widget-heading .elementor-heading-title[class*=elementor-size-]>a{color:inherit;font-size:inherit;line-height:inherit}.elementor-widget-heading .elementor-heading-title.elementor-size-small{font-size:15px}.elementor-widget-heading .elementor-heading-title.elementor-size-medium{font-size:19px}.elementor-widget-heading .elementor-heading-title.elementor-size-large{font-size:29px}.elementor-widget-heading .elementor-heading-title.elementor-size-xl{font-size:39px}.elementor-widget-heading .elementor-heading-title.elementor-size-xxl{font-size:59px}<\/style><h2 class=\"elementor-heading-title elementor-size-default\">Pol\u00edtica de Privacidad<\/h2>\t\t<\/div>\n\t\t\t\t<\/div>\n\t\t\t\t<div class=\"elementor-element elementor-element-7002096 elementor-widget elementor-widget-text-editor\" data-id=\"7002096\" data-element_type=\"widget\" data-widget_type=\"text-editor.default\">\n\t\t\t\t<div class=\"elementor-widget-container\">\n\t\t\t<style>\/*! elementor - v3.23.0 - 05-08-2024 *\/\n.elementor-widget-text-editor.elementor-drop-cap-view-stacked .elementor-drop-cap{background-color:#69727d;color:#fff}.elementor-widget-text-editor.elementor-drop-cap-view-framed .elementor-drop-cap{color:#69727d;border:3px solid;background-color:transparent}.elementor-widget-text-editor:not(.elementor-drop-cap-view-default) .elementor-drop-cap{margin-top:8px}.elementor-widget-text-editor:not(.elementor-drop-cap-view-default) .elementor-drop-cap-letter{width:1em;height:1em}.elementor-widget-text-editor .elementor-drop-cap{float:left;text-align:center;line-height:1;font-size:50px}.elementor-widget-text-editor .elementor-drop-cap-letter{display:inline-block}<\/style>\t\t\t\t<div>\n<div>La presente Pol\u00edtica de Privacidad describe c\u00f3mo Profin Claims GmbH (\u00abProfin\u00bb) recopila y trata sus datos personales y explica sus derechos. Los datos personales son toda informaci\u00f3n relativa a una persona f\u00edsica identificada o identificable. El tratamiento incluye cualquier operaci\u00f3n que pueda realizarse sobre datos personales, como la recopilaci\u00f3n, organizaci\u00f3n, almacenamiento, uso, divulgaci\u00f3n u otra forma de puesta a disposici\u00f3n, limitaci\u00f3n o supresi\u00f3n.<\/div>\n<div>1. Responsable del tratamiento<\/div>\n<div>El responsable del tratamiento es:<\/div>\n<div>Profin Claims GmbH<\/div>\n<div>Dahlmannstr. 27<\/div>\n<div>10629 Berl\u00edn<\/div>\n<div>Alemania<\/div>\n<div>Correo electr\u00f3nico: info@profin.finance<\/div>\n<div>2. Delegado de Protecci\u00f3n de Datos<\/div>\n<div>El Delegado de Protecci\u00f3n de Datos es Christopher Rother, General Counsel, Profin Claims GmbH<\/div>\n<div>Dahlmannstr. 27<\/div>\n<div>10629 Berl\u00edn<\/div>\n<div>Alemania<\/div>\n<div>Correo electr\u00f3nico: info@profin.finance<\/div>\n<div>3. Base legal para el tratamiento de datos<\/div>\n<div>Profin trata sus datos personales sobre la base de la Ley Federal Alemana de Protecci\u00f3n de Datos, el Reglamento General de Protecci\u00f3n de Datos (RGPD) y cualquier otra ley y normativa aplicable en materia de protecci\u00f3n de datos. Profin podr\u00e1 tratar datos personales:<\/div>\n<div>(i) para la ejecuci\u00f3n de un contrato o la adopci\u00f3n de medidas precontractuales;<\/div>\n<div>(ii) para el cumplimiento de una obligaci\u00f3n legal;<\/div>\n<div>(iii) cuando sea necesario para proteger sus intereses vitales o los de otra persona f\u00edsica;<\/div>\n<div>(iv) cuando sea necesario para el cumplimiento de una misi\u00f3n realizada en inter\u00e9s p\u00fablico;<\/div>\n<div>(v) cuando sea necesario para la satisfacci\u00f3n de intereses leg\u00edtimos de Profin o de un tercero; o<\/div>\n<div>(vi) sobre la base de su consentimiento.<\/div>\n<div>4. Finalidad del tratamiento de datos<\/div>\n<div>Profin trata sus datos personales para fines espec\u00edficos y \u00fanicamente aquellos datos personales que sean relevantes para alcanzar dichos fines. En particular, Profin trata sus datos personales para:<\/div>\n<div>(i) gestionar la relaci\u00f3n con usted;<\/div>\n<div>(ii) comunicarse con usted;<\/div>\n<div>(iii) tramitar sus solicitudes y\/o prestarle servicios;<\/div>\n<div>(iv) realizar evaluaciones precontractuales;<\/div>\n<div>(v) implementar y ejecutar acuerdos con usted y cumplir las obligaciones de Profin derivadas de dichos acuerdos;<\/div>\n<div>(vi) garantizar el cumplimiento de las obligaciones legales y reglamentarias aplicables;<\/div>\n<div>(vii) adoptar medidas para proteger la seguridad, exactitud y confidencialidad de los datos e informaci\u00f3n en poder de Profin, as\u00ed como para proteger los sistemas inform\u00e1ticos, la arquitectura y las redes; y<\/div>\n<div>(viii) salvaguardar los intereses leg\u00edtimos de Profin (por ejemplo, la protecci\u00f3n contra, detecci\u00f3n y prevenci\u00f3n del fraude, conductas indebidas, blanqueo de capitales, soborno y corrupci\u00f3n, robo de informaci\u00f3n confidencial, incumplimiento de la confidencialidad, otros delitos financieros o empresariales y otras actividades il\u00edcitas; el dise\u00f1o, la implementaci\u00f3n y la mejora continua de procesos organizativos eficientes; la comercializaci\u00f3n y oferta de productos y servicios de Profin a clientes y otras partes interesadas).<\/div>\n<div>5. Categor\u00edas de datos personales<\/div>\n<div>Profin trata informaci\u00f3n personal b\u00e1sica (por ejemplo, nombre, apellidos, cargo profesional, empresa), datos de contacto (por ejemplo, direcci\u00f3n postal, direcci\u00f3n de correo electr\u00f3nico, n\u00famero de tel\u00e9fono), informaci\u00f3n relacionada con su solicitud y\/o con una relaci\u00f3n (pre)contractual entre Profin (incluidas las entidades afiliadas) y usted, informaci\u00f3n financiera (por ejemplo, datos de cuentas, facturaci\u00f3n y pagos), as\u00ed como datos hist\u00f3ricos relativos a su relaci\u00f3n con Profin.<\/div>\n<div>6. Fuentes de los datos<\/div>\n<div>Profin obtiene sus datos personales principalmente directamente de usted. Parte de la informaci\u00f3n puede inferirse a partir de los datos que usted proporciona o surgir en el contexto de la gesti\u00f3n de la relaci\u00f3n con usted. Adem\u00e1s, Profin puede recibir informaci\u00f3n personal sobre usted de terceros, como abogados, consultores, asesores o cofinanciadores, o de fuentes de acceso p\u00fablico (por ejemplo, registros mercantiles).<\/div>\n<div>7. Conservaci\u00f3n y protecci\u00f3n de los datos personales<\/div>\n<div>Profin aplica medidas t\u00e9cnicas y organizativas para garantizar un nivel adecuado de seguridad y confidencialidad de sus datos personales. El objetivo de estas medidas es proteger sus datos personales contra la destrucci\u00f3n o alteraci\u00f3n accidental o il\u00edcita, la p\u00e9rdida accidental, la divulgaci\u00f3n o el acceso no autorizado, as\u00ed como contra otras formas il\u00edcitas de tratamiento. Aunque Profin adopta medidas razonables para aplicar dichas medidas, tenga en cuenta que Internet es inherentemente inseguro y que Profin no puede garantizar la seguridad de sus datos personales cuando se transmiten a trav\u00e9s de Internet o por correo electr\u00f3nico.<\/div>\n<div>8. Acceso a los datos personales<\/div>\n<div>Profin nunca vender\u00e1 sus datos personales. En el curso de las actividades de Profin y para los mismos fines descritos en esta Pol\u00edtica de Privacidad, sus datos personales podr\u00e1n ser accedidos o transferidos a las siguientes categor\u00edas de destinatarios con el fin de alcanzar dichos fines:<\/div>\n<div>(i) empleados de Profin (direcci\u00f3n, cumplimiento normativo, comunicaci\u00f3n, recursos humanos, IT, atenci\u00f3n al cliente, auditor\u00eda interna, finanzas y otras funciones);<\/div>\n<div>(ii) proveedores y prestadores de servicios (por ejemplo, proveedores de servicios de externalizaci\u00f3n y proveedores de due diligence);<\/div>\n<div>(iii) proveedores de sistemas tecnol\u00f3gicos, incluidos proveedores de servicios en la nube y bases de datos, y consultores relacionados;<\/div>\n<div>(iv) terceros a los que Profin ceda derechos y obligaciones;<\/div>\n<div>(v) asesores profesionales y abogados externos;<\/div>\n<div>(vi) bancos, prestamistas y auditores externos cuando sea legalmente necesario;<\/div>\n<div>(vii) socios de (re)aseguramiento; y<\/div>\n<div>(viii) otras entidades de Profin (en particular, veh\u00edculos de inversi\u00f3n de Profin).<\/div>\n<div>Dichos destinatarios est\u00e1n obligados a proteger la confidencialidad y la seguridad de sus datos personales. En circunstancias limitadas, sus datos personales podr\u00e1n ser accedidos o transferidos a autoridades policiales, organismos reguladores o autoridades judiciales, \u00fanicamente cuando sea legalmente obligatorio.<\/div>\n<div>9. Transferencias de datos a otras jurisdicciones<\/div>\n<div>Sus datos personales podr\u00e1n ser tratados por Profin en un pa\u00eds distinto de aquel en el que usted se encuentre (por ejemplo, por una de las entidades de inversi\u00f3n de Profin o por proveedores de servicios extranjeros). La legislaci\u00f3n en materia de protecci\u00f3n de datos de dicho pa\u00eds puede no ofrecer el mismo nivel de protecci\u00f3n que la legislaci\u00f3n del pa\u00eds en el que usted se encuentra. Profin garantiza que cualquier transferencia se realice de conformidad con la normativa aplicable en materia de protecci\u00f3n de datos. En el caso de transferencias a pa\u00edses que no ofrezcan un nivel de protecci\u00f3n equivalente seg\u00fan una autoridad de protecci\u00f3n de datos, Profin garantiza que dichas transferencias est\u00e9n reguladas mediante salvaguardias adecuadas, como las cl\u00e1usulas contractuales tipo de la Comisi\u00f3n Europea.<\/div>\n<div>Dependiendo de las circunstancias del caso concreto, Profin podr\u00e1 transferir sus datos personales a cualquiera de los pa\u00edses en los que opera actualmente, que incluyen la Uni\u00f3n Europea, Guernsey, el Reino Unido y los Estados Unidos de Am\u00e9rica.<\/div>\n<div>10. Supresi\u00f3n de los datos personales<\/div>\n<div>Profin conservar\u00e1 sus datos personales durante el tiempo necesario para cumplir la finalidad para la que fueron recopilados, para cumplir con requisitos legales o reglamentarios, o para la formulaci\u00f3n o defensa de reclamaciones legales. Cuando no sea posible eliminar sus datos personales de los sistemas de Profin (por ejemplo, porque est\u00e9n almacenados en archivos de copia de seguridad), Profin almacenar\u00e1 sus datos personales de forma segura y los aislar\u00e1 de cualquier tratamiento posterior hasta que sea posible su supresi\u00f3n.<\/div>\n<div>11. Sus derechos<\/div>\n<div>Usted tiene derecho a:<\/div>\n<div>(i) ser informado sobre la recopilaci\u00f3n y el uso de sus datos personales;<\/div>\n<div>(ii) acceder a sus datos personales;<\/div>\n<div>(iii) solicitar la rectificaci\u00f3n de datos personales que considere incorrectos, desactualizados o incompletos;<\/div>\n<div>(iv) solicitar la supresi\u00f3n de sus datos personales;<\/div>\n<div>(v) restringir el uso de sus datos personales a determinadas categor\u00edas de tratamiento;<\/div>\n<div>(vi) oponerse total o parcialmente al tratamiento de sus datos personales; y<\/div>\n<div>(vii) solicitar que los datos personales que haya facilitado le sean devueltos o transferidos a la persona o entidad que elija, en un formato estructurado, de uso com\u00fan y lectura mec\u00e1nica, sin impedimentos.<\/div>\n<div>Cuando el tratamiento de sus datos personales se base en su consentimiento, usted tiene derecho a retirar dicho consentimiento en cualquier momento (tenga en cuenta que el tratamiento basado en el consentimiento realizado antes de su retirada seguir\u00e1 siendo l\u00edcito). Puede ejercer sus derechos en cualquier momento contactando con el Delegado de Protecci\u00f3n de Datos (v\u00e9ase el punto 2 anterior).<\/div>\n<div>Asimismo, tiene derecho a presentar una reclamaci\u00f3n ante el Comisionado Federal para la Protecci\u00f3n de Datos y la Libertad de Informaci\u00f3n o ante cualquier otra autoridad de control competente.<\/div>\n<div>Direcci\u00f3n:<\/div>\n<div>Graurheindorfer Str. 153<\/div>\n<div>53117 Bonn<\/div>\n<div>Alemania<\/div>\n<div>Tel.: +49 228 9977990<\/div>\n<div>Correo electr\u00f3nico: poststelle@bfdi.bund.de<\/div>\n<\/div>\n\t\t\t\t\t\t<\/div>\n\t\t\t\t<\/div>\n\t\t\t\t\t<\/div>\n\t\t\t\t<\/div>\n\t\t\t\t<\/div>\n\t\t","protected":false},"excerpt":{"rendered":"<p>Pol\u00edtica de Privacidad La presente Pol\u00edtica de Privacidad describe c\u00f3mo Profin Claims GmbH (\u00abProfin\u00bb) recopila y trata sus datos personales y explica sus derechos. Los datos personales son toda informaci\u00f3n relativa a una persona f\u00edsica identificada o identificable. El tratamiento incluye cualquier operaci\u00f3n que pueda realizarse sobre datos personales, como la recopilaci\u00f3n, organizaci\u00f3n, almacenamiento, uso, [&hellip;]<\/p>\n","protected":false},"author":1,"featured_media":0,"parent":0,"menu_order":0,"comment_status":"closed","ping_status":"closed","template":"","meta":{"footnotes":""},"yoast_head":"<!-- This site is optimized with the Yoast SEO plugin v23.4 - https:\/\/yoast.com\/wordpress\/plugins\/seo\/ -->\n<title>Pol\u00edtica de Privacidad - PROFIN | Truck Cartel | Litigation Funding<\/title>\n<meta name=\"robots\" content=\"index, follow, max-snippet:-1, max-image-preview:large, max-video-preview:-1\" \/>\n<link rel=\"canonical\" href=\"https:\/\/cartel-claims.com\/es\/politica-de-privacidad\/\" \/>\n<meta property=\"og:locale\" content=\"es_ES\" \/>\n<meta property=\"og:type\" content=\"article\" \/>\n<meta property=\"og:title\" content=\"Pol\u00edtica de Privacidad - PROFIN | Truck Cartel | Litigation Funding\" \/>\n<meta property=\"og:description\" content=\"Pol\u00edtica de Privacidad La presente Pol\u00edtica de Privacidad describe c\u00f3mo Profin Claims GmbH (\u00abProfin\u00bb) recopila y trata sus datos personales y explica sus derechos. Los datos personales son toda informaci\u00f3n relativa a una persona f\u00edsica identificada o identificable. El tratamiento incluye cualquier operaci\u00f3n que pueda realizarse sobre datos personales, como la recopilaci\u00f3n, organizaci\u00f3n, almacenamiento, uso, [&hellip;]\" \/>\n<meta property=\"og:url\" content=\"https:\/\/cartel-claims.com\/es\/politica-de-privacidad\/\" \/>\n<meta property=\"og:site_name\" content=\"PROFIN | Truck Cartel | Litigation Funding\" \/>\n<meta property=\"article:modified_time\" content=\"2026-01-26T09:34:37+00:00\" \/>\n<meta name=\"twitter:card\" content=\"summary_large_image\" \/>\n<meta name=\"twitter:label1\" content=\"Tiempo de lectura\" \/>\n\t<meta name=\"twitter:data1\" content=\"7 minutos\" \/>\n<script type=\"application\/ld+json\" class=\"yoast-schema-graph\">{\"@context\":\"https:\/\/schema.org\",\"@graph\":[{\"@type\":\"WebPage\",\"@id\":\"https:\/\/cartel-claims.com\/es\/politica-de-privacidad\/\",\"url\":\"https:\/\/cartel-claims.com\/es\/politica-de-privacidad\/\",\"name\":\"Pol\u00edtica de Privacidad - PROFIN | Truck Cartel | Litigation Funding\",\"isPartOf\":{\"@id\":\"https:\/\/cartel-claims.com\/es\/#website\"},\"datePublished\":\"2024-06-19T16:02:36+00:00\",\"dateModified\":\"2026-01-26T09:34:37+00:00\",\"breadcrumb\":{\"@id\":\"https:\/\/cartel-claims.com\/es\/politica-de-privacidad\/#breadcrumb\"},\"inLanguage\":\"es\",\"potentialAction\":[{\"@type\":\"ReadAction\",\"target\":[\"https:\/\/cartel-claims.com\/es\/politica-de-privacidad\/\"]}]},{\"@type\":\"BreadcrumbList\",\"@id\":\"https:\/\/cartel-claims.com\/es\/politica-de-privacidad\/#breadcrumb\",\"itemListElement\":[{\"@type\":\"ListItem\",\"position\":1,\"name\":\"Home\",\"item\":\"https:\/\/cartel-claims.com\/es\/\"},{\"@type\":\"ListItem\",\"position\":2,\"name\":\"Pol\u00edtica de Privacidad\"}]},{\"@type\":\"WebSite\",\"@id\":\"https:\/\/cartel-claims.com\/es\/#website\",\"url\":\"https:\/\/cartel-claims.com\/es\/\",\"name\":\"PROFIN | Truck Cartel | Litigation Funding\",\"description\":\"\",\"potentialAction\":[{\"@type\":\"SearchAction\",\"target\":{\"@type\":\"EntryPoint\",\"urlTemplate\":\"https:\/\/cartel-claims.com\/es\/?s={search_term_string}\"},\"query-input\":{\"@type\":\"PropertyValueSpecification\",\"valueRequired\":true,\"valueName\":\"search_term_string\"}}],\"inLanguage\":\"es\"}]}<\/script>\n<!-- \/ Yoast SEO plugin. -->","yoast_head_json":{"title":"Pol\u00edtica de Privacidad - PROFIN | Truck Cartel | Litigation Funding","robots":{"index":"index","follow":"follow","max-snippet":"max-snippet:-1","max-image-preview":"max-image-preview:large","max-video-preview":"max-video-preview:-1"},"canonical":"https:\/\/cartel-claims.com\/es\/politica-de-privacidad\/","og_locale":"es_ES","og_type":"article","og_title":"Pol\u00edtica de Privacidad - PROFIN | Truck Cartel | Litigation Funding","og_description":"Pol\u00edtica de Privacidad La presente Pol\u00edtica de Privacidad describe c\u00f3mo Profin Claims GmbH (\u00abProfin\u00bb) recopila y trata sus datos personales y explica sus derechos. Los datos personales son toda informaci\u00f3n relativa a una persona f\u00edsica identificada o identificable. El tratamiento incluye cualquier operaci\u00f3n que pueda realizarse sobre datos personales, como la recopilaci\u00f3n, organizaci\u00f3n, almacenamiento, uso, [&hellip;]","og_url":"https:\/\/cartel-claims.com\/es\/politica-de-privacidad\/","og_site_name":"PROFIN | Truck Cartel | Litigation Funding","article_modified_time":"2026-01-26T09:34:37+00:00","twitter_card":"summary_large_image","twitter_misc":{"Tiempo de lectura":"7 minutos"},"schema":{"@context":"https:\/\/schema.org","@graph":[{"@type":"WebPage","@id":"https:\/\/cartel-claims.com\/es\/politica-de-privacidad\/","url":"https:\/\/cartel-claims.com\/es\/politica-de-privacidad\/","name":"Pol\u00edtica de Privacidad - PROFIN | Truck Cartel | Litigation Funding","isPartOf":{"@id":"https:\/\/cartel-claims.com\/es\/#website"},"datePublished":"2024-06-19T16:02:36+00:00","dateModified":"2026-01-26T09:34:37+00:00","breadcrumb":{"@id":"https:\/\/cartel-claims.com\/es\/politica-de-privacidad\/#breadcrumb"},"inLanguage":"es","potentialAction":[{"@type":"ReadAction","target":["https:\/\/cartel-claims.com\/es\/politica-de-privacidad\/"]}]},{"@type":"BreadcrumbList","@id":"https:\/\/cartel-claims.com\/es\/politica-de-privacidad\/#breadcrumb","itemListElement":[{"@type":"ListItem","position":1,"name":"Home","item":"https:\/\/cartel-claims.com\/es\/"},{"@type":"ListItem","position":2,"name":"Pol\u00edtica de Privacidad"}]},{"@type":"WebSite","@id":"https:\/\/cartel-claims.com\/es\/#website","url":"https:\/\/cartel-claims.com\/es\/","name":"PROFIN | Truck Cartel | Litigation Funding","description":"","potentialAction":[{"@type":"SearchAction","target":{"@type":"EntryPoint","urlTemplate":"https:\/\/cartel-claims.com\/es\/?s={search_term_string}"},"query-input":{"@type":"PropertyValueSpecification","valueRequired":true,"valueName":"search_term_string"}}],"inLanguage":"es"}]}},"_links":{"self":[{"href":"https:\/\/cartel-claims.com\/es\/wp-json\/wp\/v2\/pages\/1457"}],"collection":[{"href":"https:\/\/cartel-claims.com\/es\/wp-json\/wp\/v2\/pages"}],"about":[{"href":"https:\/\/cartel-claims.com\/es\/wp-json\/wp\/v2\/types\/page"}],"author":[{"embeddable":true,"href":"https:\/\/cartel-claims.com\/es\/wp-json\/wp\/v2\/users\/1"}],"replies":[{"embeddable":true,"href":"https:\/\/cartel-claims.com\/es\/wp-json\/wp\/v2\/comments?post=1457"}],"version-history":[{"count":3,"href":"https:\/\/cartel-claims.com\/es\/wp-json\/wp\/v2\/pages\/1457\/revisions"}],"predecessor-version":[{"id":1464,"href":"https:\/\/cartel-claims.com\/es\/wp-json\/wp\/v2\/pages\/1457\/revisions\/1464"}],"wp:attachment":[{"href":"https:\/\/cartel-claims.com\/es\/wp-json\/wp\/v2\/media?parent=1457"}],"curies":[{"name":"wp","href":"https:\/\/api.w.org\/{rel}","templated":true}]}}